{"id":11434,"date":"2021-03-08T12:34:19","date_gmt":"2021-03-08T11:34:19","guid":{"rendered":"http:\/\/wsdelblag.pl\/?page_id=11434"},"modified":"2021-03-08T12:36:40","modified_gmt":"2021-03-08T11:36:40","slug":"kleryckie-kolo-misyjne","status":"publish","type":"page","link":"https:\/\/wsdelblag.pl\/?page_id=11434","title":{"rendered":"Kleryckie ko\u0142o misyjne"},"content":{"rendered":"\n<div class=\"wp-block-image\"><figure class=\"aligncenter size-large\"><img loading=\"lazy\" decoding=\"async\" width=\"1024\" height=\"478\" src=\"http:\/\/wsdelblag.pl\/wp-content\/uploads\/2021\/03\/misje-1024x478.jpg\" alt=\"\" class=\"wp-image-11435\" srcset=\"https:\/\/wsdelblag.pl\/wp-content\/uploads\/2021\/03\/misje-1024x478.jpg 1024w, https:\/\/wsdelblag.pl\/wp-content\/uploads\/2021\/03\/misje-300x140.jpg 300w, https:\/\/wsdelblag.pl\/wp-content\/uploads\/2021\/03\/misje-768x359.jpg 768w, https:\/\/wsdelblag.pl\/wp-content\/uploads\/2021\/03\/misje-1536x718.jpg 1536w, https:\/\/wsdelblag.pl\/wp-content\/uploads\/2021\/03\/misje-2048x957.jpg 2048w\" sizes=\"auto, (max-width: 1024px) 100vw, 1024px\" \/><\/figure><\/div>\n\n\n\n<p class=\"has-text-align-center\"><strong><span class=\"has-inline-color has-luminous-vivid-orange-color\">Modlitwa \u015bw. Jana Paw\u0142a II o Ducha Misyjnego<\/span><\/strong><\/p>\n\n\n\n<p class=\"has-drop-cap\"><em>Panie Jezu, kt\u00f3ry niegdy\u015b wezwa\u0142e\u015b pierwszych uczni\u00f3w, aby stali si\u0119 rybakami ludzi, niech tak\u017ce i dzi\u015b rozbrzmiewa Twoje \u0142agodne wezwanie &#8220;P\u00f3jd\u017a za Mn\u0105!&#8221;. Udziel ch\u0142opcom i dziewcz\u0119tom tej \u0142aski, by rado\u015bnie odpowiedzieli na Tw\u00f3j g\u0142os! Wspieraj w apostolskim trudzie naszych biskup\u00f3w, kap\u0142an\u00f3w i osoby konsekrowane. Obdarz wytrwa\u0142o\u015bci\u0105 seminarzyst\u00f3w i wszystkich tych, kt\u00f3rzy realizuj\u0105 sw\u00f3j idea\u0142 \u017cyciowy w pe\u0142nym oddaniu si\u0119 Twej s\u0142u\u017cbie. Rozbud\u017a w naszych wsp\u00f3lnotach zapa\u0142 misyjny. Po\u015blij, o Panie, robotnik\u00f3w na swoje \u017cniwo i nie pozw\u00f3l, by brak pasterzy, misjonarzy i tych, kt\u00f3rzy po\u015bwi\u0119caj\u0105 \u017cycie sprawie Ewangelii, doprowadzi\u0142 ludzko\u015b\u0107 do zguby. Amen.<\/em><\/p>\n\n\n\n<p>Zgodnie z wielkim nakazem misyjnym udzielonym przez Jezusa Aposto\u0142om przed Wniebowst\u0105pieniem, Ewangelie nale\u017cy g\u0142osi\u0107 ca\u0142emu \u015bwiatu bez wyj\u0105tku, bo od tego zale\u017cy zbawienie. Otrzymawszy dar wiary zobowi\u0105zani jeste\u015bmy si\u0119 ni\u0105 dzieli\u0107 z innymi. Wielu ksi\u0119\u017cy, si\u00f3str i braci zakonnych, a tak\u017ce \u015bwieckich bardzo powa\u017cnie potraktowa\u0142o to wezwanie i g\u0142osz\u0105 Jezusa w r\u00f3\u017cnych zak\u0105tkach ziemi.<\/p>\n\n\n\n<p class=\"has-drop-cap\">Kleryckie Ko\u0142o Misyjne powsta\u0142o z potrzeby wsparcia tych kt\u00f3rzy tak wiele po\u015bwi\u0119caj\u0105 dla Boga i ludzi. Naszym podstawowym zadaniem jest modlitewne wspieranie misjonarzy, czynimy to zar\u00f3wno podczas indywidualnej modlitwy jaki i podczas wsp\u00f3lnych nabo\u017ce\u0144stw. G\u0142\u00f3wn\u0105 patronk\u0105 misji jest \u015bw. Teresa od Dzieci\u0105tka Jezus, zatem wo\u0142amy w intencji misjonarzy za jej przyk\u0142adem:<br><\/p>\n\n\n\n<p><em>O Jezu wys\u0142uchaj modlitw\u0119, kt\u00f3r\u0105 zanosz\u0119 za Twego przysz\u0142ego misjonarza; zachowaj go od niebezpiecze\u0144stw \u015bwiata, spraw, aby coraz lepiej rozumia\u0142 nico\u015b\u0107 i marno\u015b\u0107 rzeczy doczesnych i szcz\u0119\u015bcie, jakie daje mo\u017cno\u015b\u0107 wzgardzenia nimi dla Twej mi\u0142o\u015bci. Niech ju\u017c teraz aposto\u0142uje w\u015br\u00f3d swego otoczenia, a kiedy\u015b stanie si\u0119 misjonarzem godnym Twego Naj\u015bwi\u0119tszego Serca. Amen<\/em><\/p>\n\n\n\n<p>Cz\u0142onkowie ko\u0142a spotykaj\u0105 si\u0119 regularnie w trakcie trwania roku akademickiego. Poszerzamy swoj\u0105 wiedz\u0119 na temat sytuacji i potrzeb Ko\u015bcio\u0142a powszechnego. Poznajemy sytuacje polityczn\u0105 i spo\u0142eczn\u0105 w krajach misyjnych, a tak\u017ce go\u015bcimy misjonarzy kt\u00f3rzy opowiadaj\u0105 o trudach i rado\u015bciach swojej pracy. Uczestniczymy w sympozjach i kongresach misyjnych. Staramy si\u0119 r\u00f3wnie\u017c nie\u015b\u0107 pomoc duchow\u0105 i materialn\u0105 konkretnym dzieciom \u017cyj\u0105cym w krajach misyjnych, zapewniaj\u0105c im \u015brodki do podj\u0119cia edukacji.<\/p>\n\n\n\n<p><strong><span class=\"has-inline-color has-luminous-vivid-orange-color\">Prezes ko\u0142a:\u00a0<\/span>\u00a0 al. Wojciech Wasilewski<\/strong><\/p>\n","protected":false},"excerpt":{"rendered":"<p>Modlitwa \u015bw. Jana Paw\u0142a II o Ducha Misyjnego Panie Jezu, kt\u00f3ry niegdy\u015b wezwa\u0142e\u015b pierwszych uczni\u00f3w, aby stali si\u0119 rybakami ludzi, niech tak\u017ce i dzi\u015b rozbrzmiewa Twoje \u0142agodne wezwanie &#8220;P\u00f3jd\u017a za Mn\u0105!&#8221;. Udziel ch\u0142opcom i dziewcz\u0119tom tej \u0142aski, by rado\u015bnie odpowiedzieli na Tw\u00f3j g\u0142os! Wspieraj w apostolskim trudzie naszych biskup\u00f3w, kap\u0142an\u00f3w i osoby konsekrowane. Obdarz wytrwa\u0142o\u015bci\u0105 [&hellip;]<\/p>\n","protected":false},"author":1,"featured_media":0,"parent":0,"menu_order":0,"comment_status":"closed","ping_status":"closed","template":"","meta":{"ngg_post_thumbnail":0,"footnotes":""},"class_list":["post-11434","page","type-page","status-publish","hentry"],"_links":{"self":[{"href":"https:\/\/wsdelblag.pl\/index.php?rest_route=\/wp\/v2\/pages\/11434","targetHints":{"allow":["GET"]}}],"collection":[{"href":"https:\/\/wsdelblag.pl\/index.php?rest_route=\/wp\/v2\/pages"}],"about":[{"href":"https:\/\/wsdelblag.pl\/index.php?rest_route=\/wp\/v2\/types\/page"}],"author":[{"embeddable":true,"href":"https:\/\/wsdelblag.pl\/index.php?rest_route=\/wp\/v2\/users\/1"}],"replies":[{"embeddable":true,"href":"https:\/\/wsdelblag.pl\/index.php?rest_route=%2Fwp%2Fv2%2Fcomments&post=11434"}],"version-history":[{"count":2,"href":"https:\/\/wsdelblag.pl\/index.php?rest_route=\/wp\/v2\/pages\/11434\/revisions"}],"predecessor-version":[{"id":11438,"href":"https:\/\/wsdelblag.pl\/index.php?rest_route=\/wp\/v2\/pages\/11434\/revisions\/11438"}],"wp:attachment":[{"href":"https:\/\/wsdelblag.pl\/index.php?rest_route=%2Fwp%2Fv2%2Fmedia&parent=11434"}],"curies":[{"name":"wp","href":"https:\/\/api.w.org\/{rel}","templated":true}]}}